{"id":279,"date":"2024-03-18T13:37:07","date_gmt":"2024-03-18T12:37:07","guid":{"rendered":"https:\/\/mardeliradesarrollos.com.31-24-41-230.31-24-41-230.visualpublinet.com\/?page_id=279"},"modified":"2025-10-07T09:32:50","modified_gmt":"2025-10-07T07:32:50","slug":"conoce-cabo-cruz","status":"publish","type":"page","link":"https:\/\/mardeliradesarrollos.com\/en\/nuestras-marcas\/conoce-cabo-cruz\/","title":{"rendered":"Cabo de Cruz"},"content":{"rendered":"<p>[et_pb_section fb_built=\u00bb1&#8243; custom_padding_last_edited=\u00bbon|phone\u00bb _builder_version=\u00bb4.24.2&#8243; _dynamic_attributes=\u00bbbackground_image\u00bb _module_preset=\u00bbdefault\u00bb use_background_color_gradient=\u00bbon\u00bb background_color_gradient_stops=\u00bbrgba(30,30,30,0.4) 0%|rgba(30,30,30,0.36) 100%\u00bb background_color_gradient_overlays_image=\u00bbon\u00bb background_image=\u00bb@ET-DC@eyJkeW5hbWljIjp0cnVlLCJjb250ZW50IjoicG9zdF9mZWF0dXJlZF9pbWFnZSIsInNldHRpbmdzIjp7fX0=@\u00bb custom_padding=\u00bb200px||200px||true|false\u00bb custom_padding_tablet=\u00bb200px||200px||true|false\u00bb custom_padding_phone=\u00bb80px||80px||true|false\u00bb global_module=\u00bb293&#8243; saved_tabs=\u00bball\u00bb global_colors_info=\u00bb{}\u00bb][et_pb_row _builder_version=\u00bb4.24.2&#8243; _module_preset=\u00bbdefault\u00bb global_colors_info=\u00bb{}\u00bb][et_pb_column type=\u00bb4_4&#8243; _builder_version=\u00bb4.24.2&#8243; _module_preset=\u00bbdefault\u00bb global_colors_info=\u00bb{}\u00bb][et_pb_post_title meta=\u00bboff\u00bb featured_image=\u00bboff\u00bb _builder_version=\u00bb4.24.2&#8243; _module_preset=\u00bbdefault\u00bb title_font=\u00bb|300||on|||||\u00bb title_text_align=\u00bbcenter\u00bb title_text_color=\u00bb#FFFFFF\u00bb title_font_size=\u00bb72px\u00bb title_line_height=\u00bb1.2em\u00bb title_font_size_tablet=\u00bb52px\u00bb title_font_size_phone=\u00bb38px\u00bb title_font_size_last_edited=\u00bbon|phone\u00bb global_colors_info=\u00bb{}\u00bb][\/et_pb_post_title][\/et_pb_column][\/et_pb_row][\/et_pb_section][et_pb_section fb_built=\u00bb1&#8243; _builder_version=\u00bb4.24.2&#8243; _module_preset=\u00bbdefault\u00bb locked=\u00bboff\u00bb global_colors_info=\u00bb{}\u00bb][et_pb_row _builder_version=\u00bb4.24.2&#8243; _module_preset=\u00bbdefault\u00bb global_colors_info=\u00bb{}\u00bb][et_pb_column type=\u00bb4_4&#8243; _builder_version=\u00bb4.24.2&#8243; _module_preset=\u00bbdefault\u00bb global_colors_info=\u00bb{}\u00bb][et_pb_text _builder_version=\u00bb4.24.2&#8243; _module_preset=\u00bbdefault\u00bb header_2_font=\u00bb|300||on|||||\u00bb header_2_text_color=\u00bb#3E85C7&#8243; header_2_font_size=\u00bb52px\u00bb header_2_line_height=\u00bb1.2em\u00bb text_orientation=\u00bbcenter\u00bb custom_margin=\u00bb0px||24px||false|false\u00bb custom_padding=\u00bb0px||0px||false|false\u00bb header_2_font_size_tablet=\u00bb52px\u00bb header_2_font_size_phone=\u00bb32px\u00bb header_2_font_size_last_edited=\u00bbon|phone\u00bb locked=\u00bboff\u00bb global_colors_info=\u00bb{}\u00bb]<\/p>\n<h2>Apartamentos en Cabo de Cruz<\/h2>\n<p>[\/et_pb_text][dgbm_blog_module type=\u00bb3&#8243; include_categories=\u00bb16&#8243; title_tag=\u00bbh3&#8243; show_excerpt=\u00bboff\u00bb show_categories=\u00bboff\u00bb show_author=\u00bboff\u00bb show_date=\u00bboff\u00bb item_in_desktop=\u00bb4&#8243; space_between=\u00bb40px\u00bb image_size=\u00bblarge\u00bb image_margin=\u00bb||||false|false\u00bb content_padding=\u00bb16px|24px|24px|24px|false|true\u00bb disabled_on=\u00bbon|on|on\u00bb admin_label=\u00bbDG Blog Module\u00bb _builder_version=\u00bb4.27.0&#8243; _module_preset=\u00bbdefault\u00bb title_font=\u00bb|700|||||||\u00bb title_text_color=\u00bb#1E1E1E\u00bb title_font_size=\u00bb18px\u00bb title_line_height=\u00bb1.2em\u00bb border_radii_post_item=\u00bbon|24px|24px|24px|24px\u00bb box_shadow_style_container=\u00bbpreset1&#8243; box_shadow_color_container=\u00bbrgba(0,0,0,0.15)\u00bb disabled=\u00bbon\u00bb global_module=\u00bb474&#8243; saved_tabs=\u00bball\u00bb global_colors_info=\u00bb{}\u00bb][\/dgbm_blog_module][\/et_pb_column][\/et_pb_row][et_pb_row column_structure=\u00bb1_3,1_3,1_3&#8243; _builder_version=\u00bb4.27.0&#8243; _module_preset=\u00bbdefault\u00bb custom_margin=\u00bb0px||40px||false|false\u00bb custom_padding=\u00bb0px||0px||false|false\u00bb locked=\u00bboff\u00bb global_colors_info=\u00bb{}\u00bb][et_pb_column type=\u00bb1_3&#8243; _builder_version=\u00bb4.27.0&#8243; _module_preset=\u00bbdefault\u00bb global_colors_info=\u00bb{}\u00bb][\/et_pb_column][et_pb_column type=\u00bb1_3&#8243; _builder_version=\u00bb4.27.0&#8243; _module_preset=\u00bbdefault\u00bb border_radii=\u00bbon|24px|24px|24px|24px\u00bb box_shadow_style=\u00bbpreset1&#8243; box_shadow_color=\u00bbrgba(0,0,0,0.15)\u00bb global_colors_info=\u00bb{}\u00bb][et_pb_image src=\u00bbhttps:\/\/mardeliradesarrollos.com\/wp-content\/uploads\/2024\/05\/Apartamentos-Mar-de-Lira.jpg\u00bb alt=\u00bbBARRA\u00d1A\u00bb title_text=\u00bbApartamentos-Mar-de-Lira\u00bb align=\u00bbcenter\u00bb force_fullwidth=\u00bbon\u00bb module_class=\u00bbimg-cover\u00bb _builder_version=\u00bb4.27.0&#8243; _module_preset=\u00bbdefault\u00bb height=\u00bb250px\u00bb custom_margin=\u00bb||16px||false|false\u00bb global_colors_info=\u00bb{}\u00bb][\/et_pb_image][et_pb_heading title=\u00bbMLD Primer Beso\u00bb _builder_version=\u00bb4.27.0&#8243; _module_preset=\u00bbdefault\u00bb title_level=\u00bbh4&#8243; title_font=\u00bb|700|||||||\u00bb title_text_align=\u00bbcenter\u00bb title_text_color=\u00bb#1E1E1E\u00bb custom_margin=\u00bb||16px||false|false\u00bb global_colors_info=\u00bb{}\u00bb sticky_enabled=\u00bb0&#8243; custom_padding=\u00bb|16px||16px|false|true\u00bb][\/et_pb_heading][et_pb_button button_url=\u00bb@ET-DC@eyJkeW5hbWljIjp0cnVlLCJjb250ZW50IjoicG9zdF9saW5rX3VybF9wYWdlIiwic2V0dGluZ3MiOnsicG9zdF9pZCI6IjQxIn19@\u00bb button_text=\u00bbReservar\u00bb button_alignment=\u00bbcenter\u00bb _builder_version=\u00bb4.27.0&#8243; _dynamic_attributes=\u00bbbutton_url\u00bb _module_preset=\u00bbdefault\u00bb custom_margin=\u00bb||16px||false|false\u00bb global_colors_info=\u00bb{}\u00bb][\/et_pb_button][\/et_pb_column][et_pb_column type=\u00bb1_3&#8243; _builder_version=\u00bb4.27.0&#8243; _module_preset=\u00bbdefault\u00bb global_colors_info=\u00bb{}\u00bb][\/et_pb_column][\/et_pb_row][\/et_pb_section][et_pb_section fb_built=\u00bb1&#8243; custom_padding_last_edited=\u00bbon|tablet\u00bb _builder_version=\u00bb4.24.2&#8243; _module_preset=\u00bbdefault\u00bb custom_margin=\u00bb0px||||false|false\u00bb custom_padding=\u00bb0px||0px||false|false\u00bb custom_padding_tablet=\u00bb60px||||false|false\u00bb custom_padding_phone=\u00bb60px||||false|false\u00bb global_colors_info=\u00bb{}\u00bb][et_pb_row column_structure=\u00bb1_2,1_2&#8243; use_custom_gutter=\u00bbon\u00bb gutter_width=\u00bb1&#8243; make_equal=\u00bbon\u00bb _builder_version=\u00bb4.24.2&#8243; _module_preset=\u00bbdefault\u00bb width=\u00bb100%\u00bb width_tablet=\u00bb80%\u00bb width_phone=\u00bb80%\u00bb width_last_edited=\u00bbon|tablet\u00bb max_width=\u00bb100%\u00bb custom_margin=\u00bb0px||0px||false|false\u00bb custom_padding=\u00bb0px||0px||false|false\u00bb global_colors_info=\u00bb{}\u00bb][et_pb_column type=\u00bb1_2&#8243; _builder_version=\u00bb4.24.2&#8243; _module_preset=\u00bbdefault\u00bb custom_padding=\u00bb100px|5%|100px|10%|true|false\u00bb custom_padding_tablet=\u00bb50px|0%|50px|0%|true|false\u00bb custom_padding_phone=\u00bb0px|0%|0px|0%|true|false\u00bb custom_padding_last_edited=\u00bbon|tablet\u00bb global_colors_info=\u00bb{}\u00bb][et_pb_text _builder_version=\u00bb4.24.2&#8243; _module_preset=\u00bbdefault\u00bb text_orientation=\u00bbjustified\u00bb custom_padding=\u00bb||35px||false|false\u00bb global_colors_info=\u00bb{}\u00bb]Cabo de Cruz, un pintoresco rinc\u00f3n en la costa gallega, es un lugar donde el mar no solo ba\u00f1a sus orillas, sino que tambi\u00e9n impulsa a su comunidad. Con una historia forjada a trav\u00e9s de siglos de interacci\u00f3n con el oc\u00e9ano Atl\u00e1ntico, este lugar ha llegado a ser conocido no solo por sus impresionantes paisajes marinos, sino tambi\u00e9n por su vibrante industria mar\u00edtima.<\/p>\n<p>Desde tiempos inmemoriales, los habitantes de Cabo de Cruz han tenido una relaci\u00f3n especial con el mar, una que ha evolucionado desde la pesca de subsistencia hasta convertirse en el motor de una industria pr\u00f3spera. La comunidad se ha especializado en la pesca, marisqueo y acuicultura, aprovechando los ricos recursos que les ofrece el mar para crear una econom\u00eda s\u00f3lida y sostenible.<\/p>\n<p>El puerto de Cabo de Cruz es el coraz\u00f3n de esta industria, un hervidero de actividad desde antes del amanecer hasta bien entrada la noche. Aqu\u00ed, las embarcaciones de pesca, grandes y peque\u00f1as, llegan cargadas con el fruto de la labor diaria: sardinas, lubinas, mejillones, y especialmente el preciado marisco, reconocido en toda Galicia por su calidad excepcional.[\/et_pb_text][et_pb_button button_url=\u00bb@ET-DC@eyJkeW5hbWljIjp0cnVlLCJjb250ZW50IjoicG9zdF9saW5rX3VybF9wYWdlIiwic2V0dGluZ3MiOnsicG9zdF9pZCI6IjQxIn19@\u00bb button_text=\u00bbReserva ahora\u00bb _builder_version=\u00bb4.24.2&#8243; _dynamic_attributes=\u00bbbutton_url\u00bb _module_preset=\u00bbdefault\u00bb global_colors_info=\u00bb{}\u00bb][\/et_pb_button][et_pb_image src=\u00bbhttps:\/\/mardeliradesarrollos.com\/wp-content\/uploads\/2024\/06\/apartamentos-en-cabo-de-cruz-5.jpg\u00bb alt=\u00bbCabo de cruz\u00bb title_text=\u00bbCabo de cruz\u00bb disabled_on=\u00bboff|off|on\u00bb _builder_version=\u00bb4.24.2&#8243; _module_preset=\u00bbdefault\u00bb custom_margin=\u00bb40px||||false|false\u00bb global_colors_info=\u00bb{}\u00bb][\/et_pb_image][\/et_pb_column][et_pb_column type=\u00bb1_2&#8243; _builder_version=\u00bb4.24.2&#8243; _module_preset=\u00bbdefault\u00bb background_image=\u00bbhttps:\/\/mardeliradesarrollos.com\/wp-content\/uploads\/2024\/06\/apartamentos-en-cabo-de-cruz-5.jpg\u00bb global_colors_info=\u00bb{}\u00bb][\/et_pb_column][\/et_pb_row][\/et_pb_section][et_pb_section fb_built=\u00bb1&#8243; _builder_version=\u00bb4.24.2&#8243; _module_preset=\u00bbdefault\u00bb custom_padding=\u00bb0px||0px||false|false\u00bb global_colors_info=\u00bb{}\u00bb][et_pb_row column_structure=\u00bb1_2,1_2&#8243; use_custom_gutter=\u00bbon\u00bb gutter_width=\u00bb1&#8243; make_equal=\u00bbon\u00bb _builder_version=\u00bb4.24.2&#8243; _module_preset=\u00bbdefault\u00bb width=\u00bb100%\u00bb width_tablet=\u00bb80%\u00bb width_phone=\u00bb80%\u00bb width_last_edited=\u00bbon|tablet\u00bb max_width=\u00bb100%\u00bb custom_margin=\u00bb0px||0px||false|false\u00bb custom_padding=\u00bb0px||0px||false|false\u00bb global_colors_info=\u00bb{}\u00bb][et_pb_column type=\u00bb1_2&#8243; _builder_version=\u00bb4.24.2&#8243; _module_preset=\u00bbdefault\u00bb background_image=\u00bbhttps:\/\/mardeliradesarrollos.com\/wp-content\/uploads\/2024\/06\/apartamentos-en-cabo-de-cruz-4.jpg\u00bb global_colors_info=\u00bb{}\u00bb][\/et_pb_column][et_pb_column type=\u00bb1_2&#8243; _builder_version=\u00bb4.24.2&#8243; _module_preset=\u00bbdefault\u00bb custom_padding=\u00bb100px|10%|100px|5%|true|false\u00bb custom_padding_tablet=\u00bb50px|0%|50px|0%|true|false\u00bb custom_padding_phone=\u00bb50px|0%|50px|0%|true|false\u00bb custom_padding_last_edited=\u00bboff|tablet\u00bb global_colors_info=\u00bb{}\u00bb][et_pb_text _builder_version=\u00bb4.24.2&#8243; _module_preset=\u00bbdefault\u00bb ul_font_size=\u00bb20px\u00bb ul_line_height=\u00bb1.4em\u00bb text_orientation=\u00bbjustified\u00bb custom_padding=\u00bb||35px||false|false\u00bb global_colors_info=\u00bb{}\u00bb]La modernizaci\u00f3n no ha pasado por alto a esta comunidad costera. Las t\u00e9cnicas de pesca y acuicultura se han refinado con el paso de los a\u00f1os, incorporando tecnolog\u00eda avanzada para asegurar la sostenibilidad de los recursos marinos. Este compromiso con la innovaci\u00f3n y la sostenibilidad ha permitido que Cabo de Cruz se posicione como un l\u00edder en la industria del mar, respetando las tradiciones mientras se adapta a los desaf\u00edos del futuro.<\/p>\n<p>M\u00e1s all\u00e1 de su importancia econ\u00f3mica, la industria del mar es un elemento central en la cultura y la identidad de Cabo de Cruz. Festivales y celebraciones a lo largo del a\u00f1o rinden homenaje a la vida mar\u00edtima, fortaleciendo los lazos de la comunidad y recordando a propios y extra\u00f1os la importancia del mar en la vida de este encantador enclave gallego.<\/p>\n<p>Cabo de Cruz, con su pujante industria del mar, es un testimonio de c\u00f3mo el trabajo duro, la adaptabilidad y el respeto por la naturaleza pueden crear un legado duradero. Este lugar no es solo un punto en el mapa, sino un ejemplo vivo de la relaci\u00f3n simbi\u00f3tica entre el hombre y el mar, una historia de prosperidad compartida que contin\u00faa inspirando a generaciones.<\/p>\n<ul style=\"padding-top:20px;\">\n<li><strong>MLD Primer Beso<\/strong><\/li>\n<\/ul>\n<p>[\/et_pb_text][et_pb_button button_url=\u00bb@ET-DC@eyJkeW5hbWljIjp0cnVlLCJjb250ZW50IjoicG9zdF9saW5rX3VybF9wYWdlIiwic2V0dGluZ3MiOnsicG9zdF9pZCI6IjQxIn19@\u00bb button_text=\u00bbReserva ahora\u00bb _builder_version=\u00bb4.24.2&#8243; _dynamic_attributes=\u00bbbutton_url\u00bb _module_preset=\u00bbdefault\u00bb global_colors_info=\u00bb{}\u00bb][\/et_pb_button][et_pb_image src=\u00bbhttps:\/\/mardeliradesarrollos.com\/wp-content\/uploads\/2024\/06\/apartamentos-en-cabo-de-cruz-4.jpg\u00bb alt=\u00bbapartamentos en Cabo de Cruz\u00bb title_text=\u00bbCabo de cruz\u00bb disabled_on=\u00bboff|off|on\u00bb _builder_version=\u00bb4.24.2&#8243; _module_preset=\u00bbdefault\u00bb custom_margin=\u00bb40px||||false|false\u00bb global_colors_info=\u00bb{}\u00bb][\/et_pb_image][\/et_pb_column][\/et_pb_row][\/et_pb_section]<\/p>","protected":false},"excerpt":{"rendered":"<p>Apartamentos en Cabo de CruzCabo de Cruz, un pintoresco rinc\u00f3n en la costa gallega, es un lugar donde el mar no solo ba\u00f1a sus orillas, sino [&hellip;]<\/p>","protected":false},"author":1,"featured_media":349,"parent":37,"menu_order":0,"comment_status":"closed","ping_status":"closed","template":"","meta":{"_et_pb_use_builder":"on","_et_pb_old_content":"","_et_gb_content_width":"","footnotes":""},"class_list":["post-279","page","type-page","status-publish","has-post-thumbnail","hentry"],"yoast_head":"<!-- This site is optimized with the Yoast SEO plugin v23.3 - https:\/\/yoast.com\/wordpress\/plugins\/seo\/ -->\n<title>Cabo de Cruz - Mar de Lira Desarrollos<\/title>\n<meta name=\"robots\" content=\"index, follow, max-snippet:-1, max-image-preview:large, max-video-preview:-1\" \/>\n<link rel=\"canonical\" href=\"https:\/\/mardeliradesarrollos.com\/en\/nuestras-marcas\/conoce-cabo-cruz\/\" \/>\n<meta property=\"og:locale\" content=\"en_US\" \/>\n<meta property=\"og:type\" content=\"article\" \/>\n<meta property=\"og:title\" content=\"Cabo de Cruz - Mar de Lira Desarrollos\" \/>\n<meta property=\"og:description\" content=\"Apartamentos en Cabo de CruzCabo de Cruz, un pintoresco rinc\u00f3n en la costa gallega, es un lugar donde el mar no solo ba\u00f1a sus orillas, sino [&hellip;]\" \/>\n<meta property=\"og:url\" content=\"https:\/\/mardeliradesarrollos.com\/en\/nuestras-marcas\/conoce-cabo-cruz\/\" \/>\n<meta property=\"og:site_name\" content=\"Mar de Lira Desarrollos\" \/>\n<meta property=\"article:modified_time\" content=\"2025-10-07T07:32:50+00:00\" \/>\n<meta property=\"og:image\" content=\"https:\/\/mardeliradesarrollos.com\/wp-content\/uploads\/2024\/03\/bg-cabo.jpg\" \/>\n\t<meta property=\"og:image:width\" content=\"2000\" \/>\n\t<meta property=\"og:image:height\" content=\"751\" \/>\n\t<meta property=\"og:image:type\" content=\"image\/jpeg\" \/>\n<meta name=\"twitter:card\" content=\"summary_large_image\" \/>\n<meta name=\"twitter:label1\" content=\"Est. reading time\" \/>\n\t<meta name=\"twitter:data1\" content=\"3 minutes\" \/>\n<script type=\"application\/ld+json\" class=\"yoast-schema-graph\">{\"@context\":\"https:\/\/schema.org\",\"@graph\":[{\"@type\":\"WebPage\",\"@id\":\"https:\/\/mardeliradesarrollos.com\/nuestras-marcas\/conoce-cabo-cruz\/\",\"url\":\"https:\/\/mardeliradesarrollos.com\/nuestras-marcas\/conoce-cabo-cruz\/\",\"name\":\"Cabo de Cruz - Mar de Lira Desarrollos\",\"isPartOf\":{\"@id\":\"https:\/\/mardeliradesarrollos.com\/#website\"},\"primaryImageOfPage\":{\"@id\":\"https:\/\/mardeliradesarrollos.com\/nuestras-marcas\/conoce-cabo-cruz\/#primaryimage\"},\"image\":{\"@id\":\"https:\/\/mardeliradesarrollos.com\/nuestras-marcas\/conoce-cabo-cruz\/#primaryimage\"},\"thumbnailUrl\":\"https:\/\/mardeliradesarrollos.com\/wp-content\/uploads\/2024\/03\/bg-cabo.jpg\",\"datePublished\":\"2024-03-18T12:37:07+00:00\",\"dateModified\":\"2025-10-07T07:32:50+00:00\",\"breadcrumb\":{\"@id\":\"https:\/\/mardeliradesarrollos.com\/nuestras-marcas\/conoce-cabo-cruz\/#breadcrumb\"},\"inLanguage\":\"en-US\",\"potentialAction\":[{\"@type\":\"ReadAction\",\"target\":[\"https:\/\/mardeliradesarrollos.com\/nuestras-marcas\/conoce-cabo-cruz\/\"]}]},{\"@type\":\"ImageObject\",\"inLanguage\":\"en-US\",\"@id\":\"https:\/\/mardeliradesarrollos.com\/nuestras-marcas\/conoce-cabo-cruz\/#primaryimage\",\"url\":\"https:\/\/mardeliradesarrollos.com\/wp-content\/uploads\/2024\/03\/bg-cabo.jpg\",\"contentUrl\":\"https:\/\/mardeliradesarrollos.com\/wp-content\/uploads\/2024\/03\/bg-cabo.jpg\",\"width\":2000,\"height\":751,\"caption\":\"Cabo Cruz\"},{\"@type\":\"BreadcrumbList\",\"@id\":\"https:\/\/mardeliradesarrollos.com\/nuestras-marcas\/conoce-cabo-cruz\/#breadcrumb\",\"itemListElement\":[{\"@type\":\"ListItem\",\"position\":1,\"name\":\"Portada\",\"item\":\"https:\/\/mardeliradesarrollos.com\/\"},{\"@type\":\"ListItem\",\"position\":2,\"name\":\"Nuestras marcas\",\"item\":\"https:\/\/mardeliradesarrollos.com\/nuestras-marcas\/\"},{\"@type\":\"ListItem\",\"position\":3,\"name\":\"Cabo de Cruz\"}]},{\"@type\":\"WebSite\",\"@id\":\"https:\/\/mardeliradesarrollos.com\/#website\",\"url\":\"https:\/\/mardeliradesarrollos.com\/\",\"name\":\"Mar de Lira Desarrollos\",\"description\":\"\",\"potentialAction\":[{\"@type\":\"SearchAction\",\"target\":{\"@type\":\"EntryPoint\",\"urlTemplate\":\"https:\/\/mardeliradesarrollos.com\/?s={search_term_string}\"},\"query-input\":\"required name=search_term_string\"}],\"inLanguage\":\"en-US\"}]}<\/script>\n<!-- \/ Yoast SEO plugin. -->","yoast_head_json":{"title":"Cabo de Cruz - Mar de Lira Desarrollos","robots":{"index":"index","follow":"follow","max-snippet":"max-snippet:-1","max-image-preview":"max-image-preview:large","max-video-preview":"max-video-preview:-1"},"canonical":"https:\/\/mardeliradesarrollos.com\/en\/nuestras-marcas\/conoce-cabo-cruz\/","og_locale":"en_US","og_type":"article","og_title":"Cabo de Cruz - Mar de Lira Desarrollos","og_description":"Apartamentos en Cabo de CruzCabo de Cruz, un pintoresco rinc\u00f3n en la costa gallega, es un lugar donde el mar no solo ba\u00f1a sus orillas, sino [&hellip;]","og_url":"https:\/\/mardeliradesarrollos.com\/en\/nuestras-marcas\/conoce-cabo-cruz\/","og_site_name":"Mar de Lira Desarrollos","article_modified_time":"2025-10-07T07:32:50+00:00","og_image":[{"width":2000,"height":751,"url":"https:\/\/mardeliradesarrollos.com\/wp-content\/uploads\/2024\/03\/bg-cabo.jpg","type":"image\/jpeg"}],"twitter_card":"summary_large_image","twitter_misc":{"Est. reading time":"3 minutes"},"schema":{"@context":"https:\/\/schema.org","@graph":[{"@type":"WebPage","@id":"https:\/\/mardeliradesarrollos.com\/nuestras-marcas\/conoce-cabo-cruz\/","url":"https:\/\/mardeliradesarrollos.com\/nuestras-marcas\/conoce-cabo-cruz\/","name":"Cabo de Cruz - Mar de Lira Desarrollos","isPartOf":{"@id":"https:\/\/mardeliradesarrollos.com\/#website"},"primaryImageOfPage":{"@id":"https:\/\/mardeliradesarrollos.com\/nuestras-marcas\/conoce-cabo-cruz\/#primaryimage"},"image":{"@id":"https:\/\/mardeliradesarrollos.com\/nuestras-marcas\/conoce-cabo-cruz\/#primaryimage"},"thumbnailUrl":"https:\/\/mardeliradesarrollos.com\/wp-content\/uploads\/2024\/03\/bg-cabo.jpg","datePublished":"2024-03-18T12:37:07+00:00","dateModified":"2025-10-07T07:32:50+00:00","breadcrumb":{"@id":"https:\/\/mardeliradesarrollos.com\/nuestras-marcas\/conoce-cabo-cruz\/#breadcrumb"},"inLanguage":"en-US","potentialAction":[{"@type":"ReadAction","target":["https:\/\/mardeliradesarrollos.com\/nuestras-marcas\/conoce-cabo-cruz\/"]}]},{"@type":"ImageObject","inLanguage":"en-US","@id":"https:\/\/mardeliradesarrollos.com\/nuestras-marcas\/conoce-cabo-cruz\/#primaryimage","url":"https:\/\/mardeliradesarrollos.com\/wp-content\/uploads\/2024\/03\/bg-cabo.jpg","contentUrl":"https:\/\/mardeliradesarrollos.com\/wp-content\/uploads\/2024\/03\/bg-cabo.jpg","width":2000,"height":751,"caption":"Cabo Cruz"},{"@type":"BreadcrumbList","@id":"https:\/\/mardeliradesarrollos.com\/nuestras-marcas\/conoce-cabo-cruz\/#breadcrumb","itemListElement":[{"@type":"ListItem","position":1,"name":"Portada","item":"https:\/\/mardeliradesarrollos.com\/"},{"@type":"ListItem","position":2,"name":"Nuestras marcas","item":"https:\/\/mardeliradesarrollos.com\/nuestras-marcas\/"},{"@type":"ListItem","position":3,"name":"Cabo de Cruz"}]},{"@type":"WebSite","@id":"https:\/\/mardeliradesarrollos.com\/#website","url":"https:\/\/mardeliradesarrollos.com\/","name":"Mar de Lira Desarrollos","description":"","potentialAction":[{"@type":"SearchAction","target":{"@type":"EntryPoint","urlTemplate":"https:\/\/mardeliradesarrollos.com\/?s={search_term_string}"},"query-input":"required name=search_term_string"}],"inLanguage":"en-US"}]}},"_links":{"self":[{"href":"https:\/\/mardeliradesarrollos.com\/en\/wp-json\/wp\/v2\/pages\/279","targetHints":{"allow":["GET"]}}],"collection":[{"href":"https:\/\/mardeliradesarrollos.com\/en\/wp-json\/wp\/v2\/pages"}],"about":[{"href":"https:\/\/mardeliradesarrollos.com\/en\/wp-json\/wp\/v2\/types\/page"}],"author":[{"embeddable":true,"href":"https:\/\/mardeliradesarrollos.com\/en\/wp-json\/wp\/v2\/users\/1"}],"replies":[{"embeddable":true,"href":"https:\/\/mardeliradesarrollos.com\/en\/wp-json\/wp\/v2\/comments?post=279"}],"version-history":[{"count":15,"href":"https:\/\/mardeliradesarrollos.com\/en\/wp-json\/wp\/v2\/pages\/279\/revisions"}],"predecessor-version":[{"id":8477,"href":"https:\/\/mardeliradesarrollos.com\/en\/wp-json\/wp\/v2\/pages\/279\/revisions\/8477"}],"up":[{"embeddable":true,"href":"https:\/\/mardeliradesarrollos.com\/en\/wp-json\/wp\/v2\/pages\/37"}],"wp:featuredmedia":[{"embeddable":true,"href":"https:\/\/mardeliradesarrollos.com\/en\/wp-json\/wp\/v2\/media\/349"}],"wp:attachment":[{"href":"https:\/\/mardeliradesarrollos.com\/en\/wp-json\/wp\/v2\/media?parent=279"}],"curies":[{"name":"wp","href":"https:\/\/api.w.org\/{rel}","templated":true}]}}